{"id":70,"date":"2018-05-30T08:47:42","date_gmt":"2018-05-30T08:47:42","guid":{"rendered":"http:\/\/mose-puerner.de\/adventisten\/wordpress\/?page_id=70"},"modified":"2019-11-05T09:31:02","modified_gmt":"2019-11-05T08:31:02","slug":"datenschutz","status":"publish","type":"page","link":"https:\/\/adventisten-neuburg.de\/?page_id=70","title":{"rendered":"Datenschutz"},"content":{"rendered":"<p>Wir nehmen den Schutz Ihrer pers\u00f6nlichen Daten sehr ernst. So behandeln wir Ihre personenbezogenen Daten selbstverst\u00e4ndlich stets entsprechend der gesetzlichen Datenschutzvorschriften. Wir haben einen fachkundigen und zuverl\u00e4ssigen externen Datenschutzbeauftragten bestellt.<\/p>\n<p>Datenschutzerkl\u00e4rung<br \/>\nWir freuen uns \u00fcber Ihr Interesse an unserer Freikirche. Der Datenschutz hat f\u00fcr die Leitung der Freikirche der Siebenten-Tags-Adventisten einen besonders hohen Stellenwert. Die Nutzung der Internetseiten der Freikirche der Siebenten-Tags-Adventisten ist ohne Angabe personenbezogener Daten m\u00f6glich; wenn ein Betroffener jedoch spezielle Dienste \u00fcber unsere Website nutzen m\u00f6chte, kann eine Verarbeitung personenbezogener Daten erforderlich werden. Soweit die Verarbeitung personenbezogener Daten erforderlich ist und keine gesetzliche Grundlage f\u00fcr eine solche Verarbeitung besteht, holen die Einwilligung des Betroffenen ein.<br \/>\nDie Verarbeitung personenbezogener Daten wie Name, Anschrift, E-Mail-Adresse oder Telefonnummer einer betroffenen Person erfolgt stets im Einklang mit der Datenschutzverordnung der Freikirche der Siebenten-Tags-Adventisten Kd\u00f6R (DSVO -STA). Mit dieser Datenschutzerkl\u00e4rung m\u00f6chte unsere Freikirche die \u00d6ffentlichkeit \u00fcber Art, Umfang und Zweck der von uns erhobenen, verwendeten und verarbeiteten personenbezogenen Daten informieren. Dar\u00fcber hinaus werden die Betroffenen durch diese Datenschutzerkl\u00e4rung \u00fcber die ihnen zustehenden Rechte informiert.<br \/>\nDie Freikirche der Siebenten-Tags-Adventisten hat als Verantwortlicher zahlreiche technische und organisatorische Ma\u00dfnahmen ergriffen, um einen m\u00f6glichst umfassenden Schutz der \u00fcber diese Website verarbeiteten personenbezogenen Daten zu gew\u00e4hrleisten. Internetbasierte Daten\u00fcbertragungen k\u00f6nnen jedoch grunds\u00e4tzlich Sicherheitsl\u00fccken aufweisen, so dass ein absoluter Schutz nicht gew\u00e4hrleistet ist. Aus diesem Grund steht es jedem Betroffenen frei, uns personenbezogene Daten auf anderem Wege, z.B. per Telefon, zu \u00fcbermitteln.<\/p>\n<p>1.\u00a0\u00a0\u00a0\u00a0\u00a0 Definitionen<br \/>\nDie Datenschutzerkl\u00e4rung der Freikirche der Siebenten-Tags-Adventisten basiert auf den Grundlagen, die der europ\u00e4ische Gesetzgeber f\u00fcr die Annahme der Allgemeinen Datenschutzgrundverordnung (DSGVO) verwendet und die in der f\u00fcr die Freikirche geltenden Verordnung (DSVO-STA) abgebildet worden ist. Unsere Datenschutzerkl\u00e4rung soll f\u00fcr die \u00d6ffentlichkeit, aber auch f\u00fcr unsere Kontaktpersonen und Gesch\u00e4ftspartner lesbar und verst\u00e4ndlich sein. Um dies zu gew\u00e4hrleisten, m\u00f6chten wir zun\u00e4chst die verwendete Terminologie erl\u00e4utern.<br \/>\nIn dieser Datenschutzerkl\u00e4rung verwenden wir unter anderem die folgenden Begriffe:<br \/>\na) Pers\u00f6nliche Daten<br \/>\nPersonenbezogene Daten sind alle Informationen \u00fcber eine bestimmte oder bestimmbare nat\u00fcrliche Person (&#8220;Betroffene&#8221;). Eine identifizierbare nat\u00fcrliche Person ist eine Person, die direkt oder indirekt identifiziert werden kann, insbesondere durch Bezugnahme auf einen Identifikator wie einen Namen, eine Identifikationsnummer, Ortsdaten, einen Online-Identifikator oder auf einen oder mehrere Faktoren, die f\u00fcr die physische, physiologische, genetische, geistige, wirtschaftliche, kulturelle oder soziale Identit\u00e4t dieser nat\u00fcrlichen Person spezifisch sind.<br \/>\nb) Betroffener<br \/>\nBetroffen ist jede identifizierte oder identifizierbare nat\u00fcrliche Person, deren personenbezogene Daten von dem f\u00fcr die Verarbeitung Verantwortlichen verarbeitet werden.<br \/>\nc) Verarbeitung<br \/>\nVerarbeitung ist jeder Vorgang oder jede Menge von Vorg\u00e4ngen, die mit personenbezogenen Daten durchgef\u00fchrt werden, unabh\u00e4ngig davon, ob diese automatisiert erfasst, aufgezeichnet, organisiert, strukturiert, gespeichert, angepasst oder ge\u00e4ndert, abgerufen, konsultiert, genutzt, durch \u00dcbermittlung, Verbreitung oder anderweitig zug\u00e4nglich gemacht, ausgerichtet oder kombiniert, eingeschr\u00e4nkt, gel\u00f6scht oder vernichtet werden.<br \/>\nd) Einschr\u00e4nkung der Verarbeitung<br \/>\nEinschr\u00e4nkung der Verarbeitung ist die Kennzeichnung gespeicherter personenbezogener Daten mit dem Ziel, deren Verarbeitung in Zukunft einzuschr\u00e4nken.<br \/>\ne) Profiling<br \/>\nUnter Profiling versteht man jede Form der automatisierten Verarbeitung personenbezogener Daten, die aus der Verwendung personenbezogener Daten zur Bewertung bestimmter Aspekte einer nat\u00fcrlichen Person besteht, insbesondere zur Analyse oder Vorhersage von Aspekten der Arbeitsleistung, der wirtschaftlichen Situation, der Gesundheit, der pers\u00f6nlichen Pr\u00e4ferenzen, der Interessen, der Zuverl\u00e4ssigkeit, des Verhaltens, des Standorts oder der Bewegungen dieser nat\u00fcrlichen Person.<br \/>\nf) Pseudonymisierung<br \/>\nPseudonymisierung ist die Verarbeitung personenbezogener Daten in der Weise, dass die personenbezogenen Daten ohne die Verwendung zus\u00e4tzlicher Informationen nicht mehr einer bestimmten Person zugeordnet werden k\u00f6nnen, sofern diese zus\u00e4tzlichen Informationen getrennt aufbewahrt werden und technischen und organisatorischen Ma\u00dfnahmen unterliegen, um sicherzustellen, dass die personenbezogenen Daten nicht einer bestimmten oder bestimmbaren nat\u00fcrlichen Person zugeordnet werden.<br \/>\ng) f\u00fcr die Verarbeitung verantwortlicher Controller<br \/>\nVerantwortlich f\u00fcr die Verarbeitung ist die nat\u00fcrliche oder juristische Person, Beh\u00f6rde, Agentur oder sonstige Stelle, die allein oder gemeinsam mit anderen die Zwecke und Mittel der Verarbeitung personenbezogener Daten festlegt; werden die Zwecke und Mittel dieser Verarbeitung durch das Recht der Europ\u00e4ischen Union oder der Mitgliedstaaten bestimmt, so kann der f\u00fcr die Verarbeitung Verantwortliche oder die spezifischen Kriterien f\u00fcr seine Benennung durch das Recht der Europ\u00e4ischen Union oder der Mitgliedstaaten vorgesehen werden.<br \/>\nh) Prozessor<br \/>\nProzessor (Verarbeiter) ist eine nat\u00fcrliche oder juristische Person, Beh\u00f6rde oder sonstige Stelle, die personenbezogene Daten im Auftrag des f\u00fcr die Verarbeitung Verantwortlichen verarbeitet.<br \/>\ni) Empf\u00e4nger<br \/>\nEmpf\u00e4nger ist eine nat\u00fcrliche oder juristische Person, Beh\u00f6rde, Agentur oder eine andere Stelle, an die die personenbezogenen Daten weitergegeben werden, unabh\u00e4ngig davon, ob es sich um einen Dritten handelt oder nicht. Beh\u00f6rden, die personenbezogene Daten im Rahmen einer besonderen Untersuchung nach dem Recht der Europ\u00e4ischen Union oder der Mitgliedstaaten erhalten k\u00f6nnen, gelten jedoch nicht als Empf\u00e4nger; die Verarbeitung dieser Daten durch diese Beh\u00f6rden erfolgt im Einklang mit den geltenden Datenschutzvorschriften entsprechend den Zwecken der Verarbeitung.<br \/>\nj) Dritte<br \/>\nDritte sind nat\u00fcrliche oder juristische Personen, Beh\u00f6rden, Agenturen oder Einrichtungen mit Ausnahme der betroffenen Person, des f\u00fcr die Verarbeitung Verantwortlichen, des Verarbeiters und der Personen, die unter der direkten Aufsicht des f\u00fcr die Verarbeitung Verantwortlichen oder des Verarbeiters zur Verarbeitung personenbezogener Daten befugt sind.<br \/>\nk) Zustimmung<br \/>\nDie Einwilligung der betroffenen Person ist jede frei gegebene, spezifische, informierte und eindeutige Angabe der W\u00fcnsche der betroffenen Person, durch die sie durch eine Erkl\u00e4rung oder durch eine eindeutige Bejahung ihre Zustimmung zur Verarbeitung der sie betreffenden personenbezogenen Daten erteilt.<\/p>\n<p>2. Name und Anschrift der verantwortlichen Stelle<br \/>\nVerantwortlicher im Sinne der Datenschutzverordnung (DSVO-STA) ist:<br \/>\nFreikirche der Siebenten-Tags-Adventisten in Bayern Kd\u00f6R<br \/>\nTizianstra\u00dfe 18<br \/>\n80638 M\u00fcnchen<br \/>\nE-Mail: bayern(at)adventisten(dot)de<br \/>\nWebsite: bayern(dot)adventisten(dot)de<\/p>\n<p>3. Anschrift des Datenschutzbeauftragten<br \/>\nDer Datenschutzbeauftragte des f\u00fcr die Verarbeitung Verantwortlichen ist:<br \/>\nE-Mail: datenschutz-bayern(at)adventisten(dot)de<br \/>\nJeder Betroffene kann sich jederzeit mit allen Fragen und Anregungen zum Datenschutz direkt an unseren Datenschutzbeauftragten wenden.<\/p>\n<p>4. Cookies<br \/>\nDie Freikirche der Siebenten-Tags-Adventisten verwendet Cookies. Cookies sind Textdateien, die \u00fcber einen Internet-Browser in einem Computersystem gespeichert werden.<br \/>\nViele Internetseiten und Server verwenden Cookies. Viele Cookies enthalten eine sogenannte Cookie-ID. Eine Cookie-ID ist eine eindeutige Kennung des Cookies. Sie besteht aus einer Zeichenkette, \u00fcber die Internetseiten und Server dem jeweiligen Internet-Browser zugeordnet werden k\u00f6nnen, in dem das Cookie abgelegt wurde. Dadurch k\u00f6nnen besuchte Internetseiten und Server den einzelnen Browser des Betreffenden von anderen Internetbrowsern, die andere Cookies enthalten, unterscheiden. Ein bestimmter Internet-Browser kann anhand der eindeutigen Cookie-ID erkannt und identifiziert werden.<br \/>\nDurch den Einsatz von Cookies kann die Freikirche der Siebenten-Tags-Adventisten den Nutzern dieser Website benutzerfreundlichere Dienste anbieten, die ohne die Cookie-Einstellung nicht m\u00f6glich w\u00e4ren.<br \/>\nMit Hilfe eines Cookies k\u00f6nnen die Informationen und Angebote auf unserer Website f\u00fcr den Nutzer optimiert werden. Cookies erlauben es uns, wie bereits erw\u00e4hnt, unsere Website-Benutzer zu erkennen. Der Zweck dieser Erkennung ist es, den Nutzern die Nutzung unserer Website zu erleichtern. Der Nutzer der Website, der Cookies verwendet, muss z.B. nicht bei jedem Zugriff auf die Website Zugangsdaten eingeben, da diese von der Website \u00fcbernommen werden und das Cookie somit auf dem Computersystem des Nutzers gespeichert wird. Ein weiteres Beispiel ist das Cookie eines Einkaufswagens in einem Online-Shop. Der Online-Shop merkt sich die Artikel, die ein Kunde \u00fcber ein Cookie in den virtuellen Warenkorb gelegt hat.<br \/>\nDer Betroffene kann das Setzen von Cookies \u00fcber unsere Website jederzeit durch eine entsprechende Einstellung des verwendeten Internetbrowsers verhindern und somit das Setzen von Cookies dauerhaft ablehnen. Dar\u00fcber hinaus k\u00f6nnen bereits gesetzte Cookies jederzeit \u00fcber einen Internetbrowser oder andere Softwareprogramme gel\u00f6scht werden. Dies ist in allen g\u00e4ngigen Internet-Browsern m\u00f6glich. Wenn der Betroffene die Einstellung von Cookies im verwendeten Internet-Browser deaktiviert, kann es sein, dass nicht alle Funktionen unserer Website vollst\u00e4ndig nutzbar sind.<\/p>\n<p>5. Erhebung allgemeiner Daten und Informationen<br \/>\nDie Website der Freikirche der Siebenten-Tags-Adventisten sammelt eine Reihe von allgemeinen Daten und Informationen, wenn ein Betroffener oder ein automatisiertes System die Website aufruft. Diese allgemeinen Daten und Informationen werden in den Server-Protokolldateien gespeichert. Gesammelt werden k\u00f6nnen (1) die verwendeten Browsertypen und -versionen, (2) das vom zugreifenden System verwendete Betriebssystem, (3) die Website, von der aus ein zugreifendes System unsere Website erreicht (sog. Referrer), (4) die Unterwebsites, (5) Datum und Uhrzeit des Zugriffs auf die Internetseite, (6) eine Internet-Protokoll-Adresse (IP-Adresse), (7) der Internet Service Provider des zugreifenden Systems und (8) sonstige \u00e4hnliche Daten und Informationen, die bei Angriffen auf unsere Informationstechnologie-Systeme verwendet werden k\u00f6nnen.<br \/>\nBei der Verwendung dieser allgemeinen Daten und Informationen zieht die Freikirche der Siebenten-Tags-Adventisten keine R\u00fcckschl\u00fcsse auf den Betroffenen. Diese Informationen werden vielmehr ben\u00f6tigt, um (1) den Inhalt unserer Website korrekt zu liefern, (2) den Inhalt unserer Website sowie deren Werbung zu optimieren, (3) die langfristige Funktionsf\u00e4higkeit unserer IT-Systeme und Website-Technologie sicherzustellen und (4) den Strafverfolgungsbeh\u00f6rden im Falle eines Cyber-Angriffs die notwendigen Informationen zur Verf\u00fcgung zu stellen. Die Freikirche der Siebenten-Tags-Adventisten wertet daher anonym gesammelte Daten und Informationen statistisch aus, mit dem Ziel, den Datenschutz und die Datensicherheit unserer Freikirche zu erh\u00f6hen und einen optimalen Schutz der von uns verarbeiteten personenbezogenen Daten zu gew\u00e4hrleisten. Die anonymen Daten der Server-Logfiles werden getrennt von allen personenbezogenen Daten eines Betroffenen gespeichert.<\/p>\n<p>6. Registrierung auf unserer Website<br \/>\nDer Betroffene hat die M\u00f6glichkeit, sich auf der Website des f\u00fcr die Verarbeitung Verantwortlichen unter Angabe personenbezogener Daten zu registrieren. Welche personenbezogenen Daten an den Verantwortlichen \u00fcbermittelt werden, wird durch die jeweilige Eingabemaske f\u00fcr die Registrierung bestimmt. Die vom Betroffenen eingegebenen personenbezogenen Daten werden ausschlie\u00dflich f\u00fcr den internen Gebrauch und f\u00fcr eigene Zwecke erhoben und gespeichert. Der f\u00fcr die Verarbeitung Verantwortliche kann die \u00dcbermittlung an einen oder mehrere Bearbeiter (z.B. einen Paketdienst) beantragen, der auch personenbezogene Daten f\u00fcr einen internen Zweck verwendet, der dem f\u00fcr die Verarbeitung Verantwortlichen zuzurechnen ist.<br \/>\nMit der Registrierung auf der Website des Verantwortlichen werden auch die vom Internet Service Provider (ISP) vergebene und vom Betroffenen verwendete IP-Adresse und der Zeitpunkt der Registrierung gespeichert. Die Speicherung dieser Daten erfolgt vor dem Hintergrund, dass nur so der Missbrauch unserer Dienste verhindert und ggf. die Aufkl\u00e4rung von Straftaten erm\u00f6glicht werden kann. Insofern ist die Speicherung dieser Daten notwendig, um den Controller zu sichern. Diese Daten werden nicht an Dritte weitergegeben, es sei denn, es besteht eine gesetzliche Verpflichtung zur Weitergabe der Daten oder die Weitergabe dient der Strafverfolgung.<br \/>\nDie Registrierung der betroffenen Person mit der freiwilligen Angabe personenbezogener Daten soll es der verantwortlichen Stelle erm\u00f6glichen, dem Betroffenen Inhalte oder Dienstleistungen anzubieten, die aufgrund der Art der Angelegenheit nur registrierten Nutzern angeboten werden d\u00fcrfen. Registrierten Personen steht es frei, die bei der Registrierung angegebenen personenbezogenen Daten jederzeit zu \u00e4ndern oder vollst\u00e4ndig aus dem Datenbestand der verantwortlichen Stelle l\u00f6schen zu lassen.<br \/>\nDer f\u00fcr die Verarbeitung Verantwortliche erteilt jeder betroffenen Person auf Anfrage jederzeit Auskunft dar\u00fcber, welche personenbezogenen Daten \u00fcber die betroffene Person gespeichert sind. Dar\u00fcber hinaus berichtigt oder l\u00f6scht der f\u00fcr die Verarbeitung Verantwortliche personenbezogene Daten auf Antrag oder unter Angabe des Betroffenen, soweit keine gesetzlichen Aufbewahrungspflichten bestehen. Die gesamte Belegschaft des f\u00fcr die Verarbeitung Verantwortlichen steht dem Betroffenen dabei als Ansprechpartner zur Verf\u00fcgung.<\/p>\n<p>7. Anmeldung zu unseren Newslettern<br \/>\nAuf der Website der Freikirche der Siebenten-Tags-Adventisten haben die Nutzer die M\u00f6glichkeit, den Newsletter unserer Freikirche zu abonnieren. Die dazu verwendete Eingabemaske bestimmt, welche personenbezogenen Daten \u00fcbermittelt werden und wann der Newsletter beim Verantwortlichen bestellt wird.<br \/>\nDie Freikirche der Siebenten-Tags-Adventisten informiert interessierte Personen und Gesch\u00e4ftspartner regelm\u00e4\u00dfig mit einem Newsletter \u00fcber Angebote der Freikirche. Der Newsletter der Kirche darf vom Betroffenen nur empfangen werden, wenn (1) der Betroffene \u00fcber eine g\u00fcltige E-Mail-Adresse verf\u00fcgt und (2) der Betroffene sich f\u00fcr den Newsletter-Versand registriert. Eine Best\u00e4tigungs-E-Mail wird aus rechtlichen Gr\u00fcnden im Double-Opt-In-Verfahren an die von einem Betroffenen erstmals f\u00fcr den Newsletter-Versand registrierte E-Mail-Adresse gesendet. Diese Best\u00e4tigungs-E-Mail dient dem Nachweis, ob der Inhaber der E-Mail-Adresse als Betroffener zum Empfang des Newsletters berechtigt ist.<br \/>\nBei der Anmeldung zum Newsletter speichern wir auch die IP-Adresse des vom Internet Service Provider (ISP) zugewiesenen und vom Betroffenen zum Zeitpunkt der Anmeldung verwendeten Rechnersystems sowie Datum und Uhrzeit der Anmeldung. Die Erhebung dieser Daten ist notwendig, um den (m\u00f6glichen) Missbrauch der E-Mail-Adresse eines Betroffenen zu einem sp\u00e4teren Zeitpunkt zu verstehen und dient damit dem Zweck des Rechtsschutzes der verantwortlichen Stelle.<br \/>\nDie im Rahmen der Anmeldung zum Newsletter erhobenen personenbezogenen Daten werden ausschlie\u00dflich zum Versand unseres Newsletters verwendet. Dar\u00fcber hinaus k\u00f6nnen Abonnenten des Newsletters per E-Mail informiert werden, sofern dies f\u00fcr den Betrieb des Newsletterdienstes oder eine entsprechende Registrierung erforderlich ist, wie dies bei \u00c4nderungen des Newsletterangebots oder bei einer \u00c4nderung der technischen Gegebenheiten der Fall sein kann. Eine Weitergabe der durch den Newsletter-Service erhobenen personenbezogenen Daten an Dritte erfolgt nicht. Das Abonnement unseres Newsletters kann vom Betroffenen jederzeit gek\u00fcndigt werden. Die Einwilligung zur Speicherung personenbezogener Daten, die der Betroffene f\u00fcr den Versand des Newsletters erteilt hat, kann jederzeit widerrufen werden. Zum Zwecke des Widerrufs der Einwilligung finden Sie in jedem Newsletter einen entsprechenden Link. Es ist auch m\u00f6glich, den Newsletter jederzeit direkt auf der Website des Controllers abzubestellen oder auf andere Weise an den Verantwortlichen zu kommunizieren.<\/p>\n<p>8. Newsletter-Nachverfolgung<br \/>\nDer Newsletter der Freikirche der Siebenten-Tags-Adventisten enth\u00e4lt sogenannte Tracking-Pixel. Ein Tracking-Pixel ist eine in solche E-Mails eingebettete Miniaturgrafik, die im HTML-Format versendet wird, um die Aufzeichnung und Analyse von Protokolldateien zu erm\u00f6glichen. Dies erm\u00f6glicht eine statistische Analyse des Erfolgs oder Misserfolgs von Online-Marketing-Kampagnen. Die Freikirche der Siebenten-Tags-Adventisten kann anhand des eingebetteten Tracking-Pixels sehen, ob und wann eine E-Mail von einem Betroffenen ge\u00f6ffnet wurde und welche Links in der E-Mail von Betroffenen aufgerufen wurden.<br \/>\nDiese in den Tracking-Pixeln des Newsletters erfassten personenbezogenen Daten werden vom Verantwortlichen gespeichert und ausgewertet, um den Versand des Newsletters zu optimieren und den Inhalt zuk\u00fcnftiger Newsletter noch besser an die Interessen des Betroffenen anzupassen. Diese personenbezogenen Daten werden nicht an Dritte weitergegeben. Die betroffenen Personen sind jederzeit berechtigt, die jeweilige gesonderte Einwilligungserkl\u00e4rung im Wege des Double-Opt-In-Verfahrens zu widerrufen. Nach einem Widerruf werden diese personenbezogenen Daten von der verantwortlichen Stelle gel\u00f6scht. Die Freikirche der Siebenten-Tags-Adventisten betrachtet einen R\u00fccktritt vom Erhalt des Newsletters automatisch als Widerruf.<\/p>\n<p>9. Kontaktm\u00f6glichkeit \u00fcber die Website<br \/>\nDie Website der Freikirche der Siebenten-Tags-Adventisten enth\u00e4lt Informationen, die sowohl einen schnellen elektronischen Kontakt zu unserer Freikirche als auch eine Direktkommunikation mit uns erm\u00f6glichen. Sie enth\u00e4lt auch eine allgemeine Adresse der sogenannten elektronischen Post (E-Mail-Adresse). Wenn sich ein Betroffener per E-Mail oder \u00fcber ein Kontaktformular an die verantwortliche Stelle wendet, werden die vom Betroffenen \u00fcbermittelten personenbezogenen Daten automatisch gespeichert. Solche personenbezogenen Daten, die von einem Betroffenen freiwillig \u00fcbermittelt werden, werden zum Zwecke der Verarbeitung oder Kontaktaufnahme mit dem Betroffenen gespeichert. Eine Weitergabe dieser personenbezogenen Daten an Dritte findet nicht statt.<\/p>\n<p>10. Regelm\u00e4\u00dfige L\u00f6schung und Sperrung personenbezogener Daten<br \/>\nDer f\u00fcr die Verarbeitung Verantwortliche verarbeitet und speichert die personenbezogenen Daten der betroffenen Person nur f\u00fcr den Zeitraum, der zur Erreichung des Zwecks der Speicherung erforderlich ist, oder soweit dies von der DSVO-STA oder anderen anzuwendenden kirchlichen Verordnungen vorgesehen ist, denen der f\u00fcr die Verarbeitung Verantwortliche unterliegt.<br \/>\nIst ein Aufbewahrungszweck nicht gegeben oder l\u00e4uft eine nach der DSVO-STA vorgeschriebene Aufbewahrungsfrist ab, werden die personenbezogenen Daten routinem\u00e4\u00dfig gem\u00e4\u00df den gesetzlichen Bestimmungen gesperrt oder gel\u00f6scht.<\/p>\n<p>11. Rechte des Betroffenen<br \/>\na) Best\u00e4tigungsrecht<br \/>\nJede betroffene Person hat das von der DSVO-STA einger\u00e4umte Recht, vom f\u00fcr die Verarbeitung Verantwortlichen die Auskunft dar\u00fcber zu erhalten, ob personenbezogene Daten der betroffenen Person verarbeitet werden oder nicht. Wenn ein Betroffener von diesem Auskunftsrecht Gebrauch machen m\u00f6chte, kann er sich jederzeit an einen Mitarbeiter des f\u00fcr die Verarbeitung Verantwortlichen wenden.<br \/>\nb) Zugangsrecht<br \/>\nJede betroffene Person hat das von der DSVO-STA einger\u00e4umte Recht, vom f\u00fcr die Verarbeitung Verantwortlichen jederzeit unentgeltlich Auskunft \u00fcber ihre gespeicherten personenbezogenen Daten und eine Kopie dieser Informationen zu erhalten. Die DSVO-STA sieht vor, dass Auskunftsrechte bei missbr\u00e4uchlicher Aus\u00fcbung eingeschr\u00e4nkt bzw. mit Verwaltungskosten belegt werden k\u00f6nnen. Dar\u00fcber hinaus gew\u00e4hren die DSVO-STA dem Betroffenen Zugang zu den folgenden Informationen:<br \/>\ndie Zwecke der Verarbeitung;<br \/>\ndie betreffenden Kategorien personenbezogener Daten;<br \/>\ndie Empf\u00e4nger oder Kategorien von Empf\u00e4ngern, denen die personenbezogenen Daten mitgeteilt wurden oder werden, insbesondere Empf\u00e4nger in Drittl\u00e4ndern oder internationalen Organisationen;<br \/>\nsoweit m\u00f6glich, den vorgesehenen Zeitraum, f\u00fcr den die personenbezogenen Daten gespeichert werden, oder, falls dies nicht m\u00f6glich ist, die Kriterien zur Bestimmung dieses Zeitraums;<br \/>\ndas Recht, vom f\u00fcr die Verarbeitung Verantwortlichen die Berichtigung oder L\u00f6schung personenbezogener Daten oder die Einschr\u00e4nkung der Verarbeitung personenbezogener Daten, die die betroffene Person betreffen, zu verlangen oder dieser Verarbeitung zu widersprechen;<br \/>\ndas Recht, eine Beschwerde bei der Datenschutzaufsichtsbeh\u00f6rde der Freikirche der Siebenten-Tags-Adventisten einzureichen;<br \/>\nwenn die personenbezogenen Daten nicht von der betroffenen Person erhoben werden, alle verf\u00fcgbaren Informationen \u00fcber ihre Herkunft.<br \/>\nDar\u00fcber hinaus hat die betroffene Person ein Recht auf Auskunft dar\u00fcber, ob personenbezogene Daten in ein Drittland oder an eine internationale Organisation \u00fcbermittelt werden. Ist dies der Fall, hat die betroffene Person das Recht, \u00fcber die angemessenen Garantien im Zusammenhang mit der \u00dcbermittlung informiert zu werden.<br \/>\nWenn eine betroffene Person von diesem Recht Gebrauch machen m\u00f6chte, kann sie sich jederzeit an einen Mitarbeiter des f\u00fcr die Verarbeitung Verantwortlichen wenden.<br \/>\nc) Recht auf Nachbesserung<br \/>\nJede betroffene Person hat das von der DSVO-STA einger\u00e4umte Recht, von dem f\u00fcr die Verarbeitung Verantwortlichen unverz\u00fcglich die Berichtigung unrichtiger, sie betreffender personenbezogener Daten zu verlangen. Unter Ber\u00fccksichtigung der Zwecke der Verarbeitung hat die betroffene Person das Recht, unvollst\u00e4ndige personenbezogene Daten vervollst\u00e4ndigen zu lassen, auch durch eine erg\u00e4nzende Erkl\u00e4rung.<br \/>\nWenn eine betroffene Person von diesem Recht auf Berichtigung Gebrauch machen m\u00f6chte, kann sie sich jederzeit an einen Mitarbeiter des f\u00fcr die Verarbeitung Verantwortlichen wenden.<br \/>\nd) Recht auf L\u00f6schung (Recht auf Vergessen)<br \/>\nJede betroffene Person hat das von der DSVO-STA einger\u00e4umte Recht, von dem f\u00fcr die Verarbeitung Verantwortlichen die L\u00f6schung der sie betreffenden personenbezogenen Daten unverz\u00fcglich zu verlangen, und der f\u00fcr die Verarbeitung Verantwortliche ist verpflichtet, die personenbezogenen Daten unverz\u00fcglich zu l\u00f6schen, wenn einer der folgenden Gr\u00fcnde vorliegt, sofern die Verarbeitung nicht erforderlich ist:<br \/>\nDie personenbezogenen Daten sind f\u00fcr die Zwecke, f\u00fcr die sie erhoben oder anderweitig verarbeitet wurden, nicht mehr erforderlich.<br \/>\nDie betroffene Person widerruft die Einwilligung, auf die sich die Verarbeitung gem\u00e4\u00df \u00a7 6 Nr. 2 der DSVO-STA oder \u00a713 Abs. 2 Nr. 1 der DSVO-STA st\u00fctzt, wenn kein anderer Rechtsgrund f\u00fcr die Verarbeitung vorliegt.<br \/>\nDie betroffene Person der Verarbeitung gem\u00e4\u00df \u00a7 25 DSVO-STA widerspricht und kein zwingendes kirchliches Interesse f\u00fcr die Verarbeitung besteht, bzw. das Interesse einer dritten Person f\u00fcr die Verarbeitung \u00fcberwiegt, oder die DSVO-STA zur Verarbeitung verpflichtet Grund f\u00fcr die Verarbeitung der Daten besteht (\u00a7 25 II DSVO-STA)<br \/>\nDie personenbezogenen Daten wurden unrechtm\u00e4\u00dfig verarbeitet.<br \/>\nDie personenbezogenen Daten m\u00fcssen gel\u00f6scht werden, um einer rechtlichen Verpflichtung nach der DSVO-STA der der f\u00fcr die Verarbeitung Verantwortliche unterliegt, nachzukommen.<br \/>\nDie personenbezogenen Daten wurden im Zusammenhang mit dem Angebot von Diensten der Informationsgesellschaft gem\u00e4\u00df \u00a7 12 DSVO-STA erhoben.<br \/>\nWenn einer der vorgenannten Gr\u00fcnde vorliegt und ein Betroffener die L\u00f6schung der von der Freikirche der Siebenten-Tags-Adventisten gespeicherten personenbezogenen Daten beantragen m\u00f6chte, kann er sich jederzeit an einen Mitarbeiter des f\u00fcr die Verarbeitung Verantwortlichen wenden. Ein Mitarbeiter der Freikirche der Siebenten-Tags-Adventisten hat unverz\u00fcglich daf\u00fcr zu sorgen, dass dem L\u00f6schungsantrag unverz\u00fcglich entsprochen wird.<br \/>\nHat der f\u00fcr die Verarbeitung Verantwortliche personenbezogene Daten ver\u00f6ffentlicht und ist er gem\u00e4\u00df \u00a7 21 Abs. 2 DSVO-STA verpflichtet, die personenbezogenen Daten zu l\u00f6schen, so trifft der f\u00fcr die Verarbeitung Verantwortliche unter Ber\u00fccksichtigung der verf\u00fcgbaren Technologie und der Durchf\u00fchrungskosten angemessene Ma\u00dfnahmen, einschlie\u00dflich technischer Ma\u00dfnahmen, um andere f\u00fcr die Verarbeitung Verantwortliche dar\u00fcber zu informieren, dass die betroffene Person die L\u00f6schung dieser personenbezogenen Daten durch die f\u00fcr die Verarbeitung Verantwortlichen beantragt hat, soweit eine Verarbeitung nicht erforderlich ist. Ein Mitarbeiter der Freikirche der Siebenten-Tags-Adventisten wird im Einzelfall die notwendigen Ma\u00dfnahmen veranlassen.<br \/>\ne) Recht auf Einschr\u00e4nkung der Verarbeitung<br \/>\nJede betroffene Person hat das von der DSVO-STA einger\u00e4umte Recht, von dem f\u00fcr die Verarbeitung Verantwortlichen eine Einschr\u00e4nkung der Verarbeitung zu verlangen, wenn eine der folgenden Bedingungen zutrifft:<br \/>\nDie Richtigkeit der personenbezogenen Daten wird von der betroffenen Person f\u00fcr einen Zeitraum angefochten, der es dem f\u00fcr die Verarbeitung Verantwortlichen erm\u00f6glicht, die Richtigkeit der personenbezogenen Daten zu \u00fcberpr\u00fcfen.<br \/>\nDie Verarbeitung ist rechtswidrig und die betroffene Person widersetzt sich der L\u00f6schung der personenbezogenen Daten und verlangt stattdessen die Beschr\u00e4nkung ihrer Verwendung.<br \/>\nDer f\u00fcr die Verarbeitung Verantwortliche ben\u00f6tigt die personenbezogenen Daten nicht mehr f\u00fcr die Zwecke der Verarbeitung, sondern sie werden von der betroffenen Person zur Begr\u00fcndung, Aus\u00fcbung oder Abwehr von Rechtsanspr\u00fcchen ben\u00f6tigt.<br \/>\nDie betroffene Person hat Widerspruch gegen die Verarbeitung gem\u00e4\u00df \u00a7 25 DSVO-STA erhoben, bis gepr\u00fcft wurde, ob die berechtigten Gr\u00fcnde des f\u00fcr die Verarbeitung Verantwortlichen die der betroffenen Person \u00fcbersteigen.<br \/>\nWenn eine der vorgenannten Bedingungen erf\u00fcllt ist und eine betroffene Person die Beschr\u00e4nkung der Verarbeitung der von der Freikirche der Siebenten-Tags-Adventisten gespeicherten personenbezogenen Daten beantragen m\u00f6chte, kann sie sich jederzeit an jeden Mitarbeiter des f\u00fcr die Verarbeitung Verantwortlichen wenden. Der Mitarbeiter der Freikirche der Siebenten-Tags-Adventisten sorgt f\u00fcr die Einschr\u00e4nkung der Bearbeitung.<br \/>\nf) Recht auf Daten\u00fcbertragbarkeit<br \/>\nDie betroffene Person hat nach \u00a7 24 DSVO-STA das Recht, die sie betreffenden personenbezogenen Daten, die sie einer verantwortlichen Stelle bereitgestellt hat, in einem strukturierten, g\u00e4ngigen und maschinenlesbaren Format zu erhalten, und sie hat das Recht, diese Daten einer anderen verantwortlichen Stelle ohne Behinderung durch die verantwortliche Stelle, der die personenbezogenen Daten bereitgestellt wurden, zu \u00fcbermitteln, sofern<br \/>\n1. die Verarbeitung auf einer Einwilligung oder auf einem Vertrag beruht und<br \/>\n2. die Verarbeitung mithilfe automatisierter Verfahren erfolgt.<br \/>\nDie betroffene Person kann verlangen, dass die personenbezogenen Daten direkt von der verantwortlichen Stelle einem anderen Dritten \u00fcbermittelt werden, soweit dies technisch machbar ist. Um das Recht auf Daten\u00fcbertragbarkeit geltend zu machen, kann sich die betroffene Person jederzeit an jeden Mitarbeiter der Freikirche der Siebenten-Tags-Adventisten wenden.<br \/>\ng) Widerspruchsrecht<br \/>\nJede betroffene Person hat das von der DSVO-STA einger\u00e4umte Recht, aus Gr\u00fcnden, die sich auf ihre besondere Situation beziehen, jederzeit Widerspruch gegen die Verarbeitung personenbezogener Daten zu erheben, die sich auf \u00a7 6 DSVO-STA (Einwilligung zur Datenverarbeitung) st\u00fctzt. Die Freikirche der Siebenten-Tags-Adventisten wird die personenbezogenen Daten im Falle des Widerspruchs nicht mehr verarbeiten, es sei denn, sie kann zwingende legitime Gr\u00fcnde f\u00fcr die Verarbeitung nachweisen, die die Interessen, Rechte und Freiheiten des Betroffenen au\u00dfer Kraft setzen, oder f\u00fcr die Begr\u00fcndung, Aus\u00fcbung oder Verteidigung von Rechtsanspr\u00fcchen bestehen.<br \/>\nZur Aus\u00fcbung des Widerspruchsrechts kann sich die betroffene Person an jeden Mitarbeiter der Freikirche der Siebenten-Tags-Adventisten wenden. Dar\u00fcber hinaus steht es der betroffenen Person im Rahmen der Nutzung von Diensten der Informationsgesellschaft ungeachtet der Richtlinie 2002\/58\/EG frei, von ihrem Widerspruchsrecht auf automatisiertem Wege unter Verwendung technischer Spezifikationen Gebrauch zu machen.<br \/>\nh) Recht auf Widerruf der Einwilligung zur Datenverarbeitung<br \/>\nJede betroffene Person hat das von der DSVO-STA einger\u00e4umte Recht, ihre Einwilligung zur Verarbeitung ihrer personenbezogenen Daten jederzeit zu widerrufen.<br \/>\nWenn die betroffene Person das Recht auf Widerruf der Einwilligung aus\u00fcben m\u00f6chte, kann sie sich jederzeit an die Freikirche der Siebenten-Tags-Adventisten unter der unter dem Punkt 2 genannten Adresse wenden.<\/p>\n<p>12. Datenschutz bei Bewerbungen und Bewerbungsverfahren<br \/>\nDer f\u00fcr die Verarbeitung Verantwortliche erhebt und verarbeitet die personenbezogenen Daten von Bewerbern zum Zwecke der Bearbeitung des Bewerbungsverfahrens. Die Verarbeitung kann auch elektronisch erfolgen. Dies ist insbesondere dann der Fall, wenn ein Bewerber entsprechende Bewerbungsunterlagen per E-Mail oder \u00fcber ein Webformular auf der Website an den Verantwortlichen \u00fcbermittelt. Schlie\u00dft der f\u00fcr die Verarbeitung Verantwortliche einen Arbeitsvertrag mit einem Bewerber ab, werden die \u00fcbermittelten Daten zum Zwecke der Bearbeitung des Arbeitsverh\u00e4ltnisses gem\u00e4\u00df den gesetzlichen Bestimmungen gespeichert. Wird vom f\u00fcr die Verarbeitung Verantwortlichen kein Arbeitsvertrag mit dem Antragsteller geschlossen, so werden die Antragsunterlagen zwei Monate nach Bekanntgabe der Ablehnungsentscheidung automatisch gel\u00f6scht, sofern der L\u00f6schung keine anderen berechtigten Interessen des f\u00fcr die Verarbeitung Verantwortlichen entgegenstehen. Ein weiteres berechtigtes Interesse in diesem Zusammenhang ist z.B. die Beweislast in einem Verfahren nach dem Allgemeinen Gleichbehandlungsgesetz (AGG).<\/p>\n<p>13. Datenschutzbestimmungen zur Anwendung und Nutzung von Facebook<br \/>\nAuf dieser Website hat der Verantwortliche Komponenten des Unternehmens Facebook integriert. Facebook ist ein soziales Netzwerk.<br \/>\nEin soziales Netzwerk ist ein Ort f\u00fcr soziale Begegnungen im Internet, eine Online-Community, die es den Nutzern in der Regel erm\u00f6glicht, miteinander zu kommunizieren und in einem virtuellen Raum zu interagieren. Ein soziales Netzwerk kann als Plattform f\u00fcr den Meinungs- und Erfahrungsaustausch dienen oder die Internet-Community in die Lage versetzen, pers\u00f6nliche oder gesch\u00e4ftliche Informationen zur Verf\u00fcgung zu stellen. Facebook erm\u00f6glicht es Nutzern von sozialen Netzwerken, private Profile zu erstellen, Fotos hochzuladen und \u00fcber Freundschaftsanfragen zu vernetzen.<br \/>\nDie Betreibergesellschaft von Facebook ist Facebook, Inc. 1 Hacker Way, Menlo Park, CA 94025, USA. Wenn eine Person au\u00dferhalb der Vereinigten Staaten oder Kanadas lebt, ist der Verantwortliche die Facebook Ireland Ltd, 4 Grand Canal Square, Grand Canal Harbour, Dublin 2, Irland.<br \/>\nBei jedem Aufruf einer der einzelnen Seiten dieser Internetseite, die vom Verantwortlichen betrieben wird und in die eine Facebook-Komponente (Facebook-Plugins) integriert wurde, wird der Webbrowser auf dem Informationstechnologiesystem des Betroffenen automatisch aufgefordert, die Anzeige der entsprechenden Facebook-Komponente von Facebook \u00fcber die Facebook-Komponente herunterzuladen. Eine \u00dcbersicht aller Facebook-Plugins finden Sie unter developers.facebook.com\/docs\/plugins\/. Im Rahmen dieses technischen Verfahrens wird Facebook dar\u00fcber informiert, welche Unterseiten unserer Website von der betroffenen Person besucht wurden.<br \/>\nWenn der Betroffene gleichzeitig auf Facebook eingeloggt ist, erkennt Facebook bei jedem Aufruf unserer Website durch den Betroffenen &#8211; und zwar f\u00fcr die gesamte Dauer seines Aufenthalts auf unserer Internetseite -, welche bestimmte Unterseite unserer Internetseite von dem Betroffenen besucht wurde. Diese Informationen werden \u00fcber die Facebook-Komponente gesammelt und mit dem jeweiligen Facebook-Konto des Betroffenen verkn\u00fcpft. Klickt der Betroffene auf einen der in unsere Website integrierten Facebook-Buttons, z.B. den &#8220;Gef\u00e4llt mir&#8221; Button, oder gibt der Betroffene einen Kommentar ab, so stimmt Facebook diese Informationen mit dem pers\u00f6nlichen Facebook-Benutzerkonto des Betroffenen ab und speichert die pers\u00f6nlichen Daten.<br \/>\nFacebook erh\u00e4lt \u00fcber die Facebook-Komponente immer dann Informationen \u00fcber einen Besuch unserer Website durch den Betroffenen, wenn dieser w\u00e4hrend des Aufrufs unserer Website gleichzeitig auf Facebook eingeloggt ist. Dies geschieht unabh\u00e4ngig davon, ob der Betroffene auf die Facebook-Komponente klickt oder nicht. Ist eine solche \u00dcbermittlung von Informationen an Facebook f\u00fcr den Betroffenen nicht erw\u00fcnscht, kann er dies verhindern, indem er sich von seinem Facebook-Konto abmeldet, bevor ein Aufruf unserer Website erfolgt.<br \/>\nDie von Facebook ver\u00f6ffentlichte Datenschutzrichtlinie, die unter facebook.com\/about\/privacy\/ verf\u00fcgbar ist, gibt Auskunft \u00fcber die Erhebung, Verarbeitung und Nutzung personenbezogener Daten durch Facebook. Au\u00dferdem wird dort erkl\u00e4rt, welche Einstellungsm\u00f6glichkeiten Facebook bietet, um die Privatsph\u00e4re des Betroffenen zu sch\u00fctzen. Zus\u00e4tzlich stehen verschiedene Konfigurationsm\u00f6glichkeiten zur Verf\u00fcgung, um die Daten\u00fcbertragung zu Facebook zu unterbinden. Diese Anwendungen k\u00f6nnen vom Betroffenen genutzt werden, um eine Daten\u00fcbermittlung an Facebook zu unterbinden.<\/p>\n<p>14. Datenschutzbestimmungen zum Einsatz und zur Nutzung von Google Analytics (mit Anonymisierungsfunktion) und Google Maps<br \/>\na) Google Analytics<br \/>\nAuf dieser Website hat der Controller die Komponente von Google Analytics (mit der Anonymisierungsfunktion) integriert. Google Analytics ist ein Webanalysedienst. Web Analytics ist die Sammlung, Zusammenstellung und Analyse von Daten \u00fcber das Verhalten von Besuchern von Webseiten. Ein Webanalysedienst sammelt unter anderem Daten \u00fcber die Website, von der eine Person gekommen ist (sog. Referrer), welche Unterseiten besucht wurden oder wie oft und wie lange eine Unterseite besucht wurde. Web Analytics wird haupts\u00e4chlich zur Optimierung einer Website und zur Kosten-Nutzen-Analyse von Internet-Werbung eingesetzt.<br \/>\nDer Betreiber der Google Analytics Komponente ist Google Inc., 1600 Amphitheatre Pkwy, Mountain View, CA 94043-1351, USA.<br \/>\nF\u00fcr die Webanalyse \u00fcber Google Analytics verwendet der Verantwortliche die Anwendung &#8220;_gat. _anonymizeIp&#8221;. Durch diese Anwendung wird die IP-Adresse der Internetverbindung des Betroffenen von Google gek\u00fcrzt und beim Zugriff auf unsere Websites aus einem Mitgliedstaat der Europ\u00e4ischen Union oder einem anderen Vertragsstaat des Abkommens \u00fcber den Europ\u00e4ischen Wirtschaftsraum anonymisiert.<br \/>\nDer Zweck der Komponente Google Analytics ist es, den Verkehr auf unserer Website zu analysieren. Google wird diese Informationen benutzen, um Ihre Nutzung der Website auszuwerten, um Reports \u00fcber die Websiteaktivit\u00e4ten f\u00fcr uns zusammenzustellen und um weitere mit der Websitenutzung und der Internetnutzung verbundene Dienstleistungen zu erbringen.<br \/>\nGoogle Analytics setzt ein Cookie auf das informationstechnische System des Betroffenen. Die Definition von Cookies wird oben erl\u00e4utert. Mit dem Setzen des Cookies wird Google in die Lage versetzt, die Nutzung unserer Website zu analysieren. Bei jedem Aufruf einer der einzelnen Seiten dieser Internetseite, die vom Verantwortlichen betrieben wird und in die eine Google Analytics-Komponente integriert wurde, \u00fcbermittelt der Internet-Browser auf dem Informationstechnologiesystem des Betroffenen automatisch Daten \u00fcber die Google Analytics-Komponente zum Zwecke der Online-Werbung und der Abrechnung von Provisionen an Google. Im Rahmen dieses technischen Verfahrens erlangt das Unternehmen Google Kenntnis von personenbezogenen Daten, wie z.B. der IP-Adresse des Betroffenen, die unter anderem dazu dient, die Herkunft der Besucher und Klicks zu verstehen und anschlie\u00dfend Provisionsabrechnungen zu erstellen.<br \/>\nDas Cookie wird verwendet, um pers\u00f6nliche Informationen zu speichern, wie z.B. die Zugriffszeit, den Ort, von dem aus der Zugriff erfolgte, und die H\u00e4ufigkeit der Besuche unserer Website durch den Betroffenen. Bei jedem Besuch unserer Internetseite werden solche personenbezogenen Daten, einschlie\u00dflich der IP-Adresse des Internetzugangs, an Google in den Vereinigten Staaten von Amerika \u00fcbermittelt. Diese personenbezogenen Daten werden von Google in den Vereinigten Staaten von Amerika gespeichert. Google wird diese personenbezogenen Daten gegebenenfalls an Dritte weitergeben.<br \/>\nDer Betroffene kann, wie oben beschrieben, das Setzen von Cookies \u00fcber unsere Website jederzeit durch eine entsprechende Einstellung des verwendeten Webbrowsers verhindern und somit das Setzen von Cookies dauerhaft ablehnen. Eine solche Anpassung des verwendeten Internetbrowsers w\u00fcrde auch verhindern, dass Google Analytics ein Cookie auf das informationstechnische System des Betroffenen setzt. Dar\u00fcber hinaus k\u00f6nnen von Google Analytics bereits verwendete Cookies jederzeit \u00fcber einen Webbrowser oder andere Softwareprogramme gel\u00f6scht werden.<br \/>\nDar\u00fcber hinaus hat der Betroffene die M\u00f6glichkeit, einer Erhebung von Daten durch Google Analytics, die im Zusammenhang mit der Nutzung dieser Website stehen, sowie der Verarbeitung dieser Daten durch Google zu widersprechen und diese auszuschlie\u00dfen. Dazu muss der Betroffene ein Browser-Add-on unter dem Link tools.google.com\/dlpage\/gaoptout herunterladen und installieren. Dieses Browser-Add-on teilt Google Analytics \u00fcber ein JavaScript mit, dass Daten und Informationen \u00fcber den Besuch von Internetseiten nicht an Google Analytics \u00fcbermittelt werden d\u00fcrfen. Die Installation der Browser-Add-ons wird von Google als Widerspruch gewertet. Wird das informationstechnische System des Betroffenen sp\u00e4ter gel\u00f6scht, formatiert oder neu installiert, muss der Betroffene die Browser-Add-Ons neu installieren, um Google Analytics zu deaktivieren. Wurde das Browser-Add-on von der betroffenen Person oder einer anderen Person, die ihrem Zust\u00e4ndigkeitsbereich zuzuordnen ist, deinstalliert oder deaktiviert, ist es m\u00f6glich, die Neuinstallation oder Reaktivierung der Browser-Add-ons durchzuf\u00fchren.<br \/>\nWiderspruch gegen Datenerfassung<br \/>\nSie k\u00f6nnen die Erfassung Ihrer Daten durch Google Analytics verhindern, indem Sie auf folgenden Link klicken. Es wird ein Opt-Out-Cookie gesetzt, der die Erfassung Ihrer Daten bei zuk\u00fcnftigen Besuchen dieser Website verhindert:\u00a0 Google Analytics deaktivieren.<br \/>\nWeitere Informationen und die geltenden Datenschutzbestimmungen von Google finden Sie unter www.google.com\/intl\/en\/policies\/privacy\/ und unter www.google.com\/analytics\/terms\/us.html. Google Analytics wird unter folgendem Link erkl\u00e4rt: www.google.com\/analytics\/.<br \/>\nb) Google Maps<br \/>\nDiese Webseite verwendet Google Maps API, um geographische Informationen visuell darzustellen. Bei der Nutzung von Google Maps werden von Google auch Daten \u00fcber die Nutzung der Kartenfunktionen durch Besucher erhoben, verarbeitet und genutzt. N\u00e4here Informationen \u00fcber die Datenverarbeitung durch Google k\u00f6nnen Sie den Google-Datenschutzhinweisen entnehmen. Dort k\u00f6nnen Sie im Datenschutzcenter auch Ihre pers\u00f6nlichen Datenschutz-Einstellungen ver\u00e4ndern.<br \/>\n15. Datenschutzbestimmungen zur Anwendung und Nutzung von Twitter<br \/>\nAuf dieser Website hat der Verantwortliche Komponenten von Twitter integriert. Twitter ist ein mehrsprachiger, \u00f6ffentlich zug\u00e4nglicher Microblogging-Dienst, auf dem Nutzer sogenannte &#8220;Tweets&#8221;, z.B. Kurznachrichten, ver\u00f6ffentlichen und verbreiten k\u00f6nnen, die auf 140 Zeichen begrenzt sind. Diese Kurznachrichten sind f\u00fcr alle verf\u00fcgbar, auch f\u00fcr diejenigen, die nicht bei Twitter angemeldet sind. Die Tweets werden auch den sogenannten Followern des jeweiligen Benutzers angezeigt. Follower sind andere Twitter-Nutzer, die den Tweets eines Nutzers folgen. Au\u00dferdem k\u00f6nnen Sie mit Twitter ein breites Publikum \u00fcber Hashtags, Links oder Retweets ansprechen.<br \/>\nDie Betreibergesellschaft von Twitter ist Twitter, Inc. 1355 Market Street, Suite 900, San Francisco, CA 94103, UNITED STATES.<br \/>\nBei jedem Aufruf einer der einzelnen Seiten dieser Internetseite, die vom Verantwortlichen betrieben wird und auf der eine Twitter-Komponente (Twitter-Button) integriert wurde, wird der Internet-Browser auf dem Informationstechnologiesystem des Betroffenen automatisch aufgefordert, eine Anzeige der entsprechenden Twitter-Komponente von Twitter herunterzuladen. Weitere Informationen zu den Twitter-Buttons finden Sie unter about.twitter.com\/de\/resources\/buttons. Im Laufe dieses technischen Verfahrens erf\u00e4hrt Twitter, welche Unterseite unserer Website von der betroffenen Person besucht wurde. Der Zweck der Integration der Twitter-Komponente ist eine erneute \u00dcbertragung der Inhalte dieser Website, um es unseren Nutzern zu erm\u00f6glichen, diese Webseite in die digitale Welt einzuf\u00fchren und unsere Besucherzahlen zu erh\u00f6hen.<br \/>\nWenn der Betroffene gleichzeitig auf Twitter eingeloggt ist, erkennt Twitter bei jedem Aufruf unserer Website durch den Betroffenen und f\u00fcr die gesamte Dauer seines Aufenthalts auf unserer Internetseite, welche bestimmte Unterseite unserer Internetseite von dem Betroffenen besucht wurde. Diese Informationen werden \u00fcber die Twitter-Komponente gesammelt und dem jeweiligen Twitter-Account des Betroffenen zugeordnet. Klickt der Betroffene auf einen der auf unserer Website integrierten Twitter-Buttons, so ordnet Twitter diese Informationen dem pers\u00f6nlichen Twitter-Nutzerkonto des Betroffenen zu und speichert die pers\u00f6nlichen Daten.<br \/>\nTwitter erh\u00e4lt \u00fcber die Twitter-Komponente die Information, dass der Betroffene unsere Website besucht hat, sofern er zum Zeitpunkt des Aufrufs unserer Website auf Twitter eingeloggt ist. Dies geschieht unabh\u00e4ngig davon, ob die Person auf die Twitter-Komponente klickt oder nicht. Ist eine solche \u00dcbermittlung von Informationen an Twitter f\u00fcr den Betroffenen nicht erw\u00fcnscht, kann er dies verhindern, indem er sich von seinem Twitter-Account abmeldet, bevor ein Aufruf unserer Website erfolgt.<br \/>\nDie geltenden Datenschutzbestimmungen von Twitter finden Sie unter twitter.com\/privacy.<\/p>\n<p>16. Rechtliche Grundlagen f\u00fcr die Verarbeitung<br \/>\nNach \u00a7 6 DSVO-STA dient eine Datenschutzverordnung als Rechtsgrundlage f\u00fcr Verarbeitungen, f\u00fcr die wir die Zustimmung zu einem bestimmten Verarbeitungszweck einholen. Ist die Verarbeitung personenbezogener Daten f\u00fcr die Erf\u00fcllung eines Vertrages, an dem die betroffene Person beteiligt ist, erforderlich, wie z.B. wenn Verarbeitungen zur Lieferung von Waren oder zur Erbringung sonstiger Dienstleistungen erforderlich sind, st\u00fctzt sich die Verarbeitung ebenso auf \u00a7 6 des DSVO-STA. Gleiches gilt f\u00fcr solche Verarbeitungen, die zur Durchf\u00fchrung vorvertraglicher Ma\u00dfnahmen erforderlich sind, z.B. bei Anfragen zu unseren Produkten oder Dienstleistungen.<br \/>\nUnterliegt unsere Freikirche einer gesetzlichen Verpflichtung, durch die die Verarbeitung personenbezogener Daten erforderlich ist, z.B. zur Erf\u00fcllung steuerlicher Pflichten, so erfolgt die Verarbeitung nach \u00a7 6 Nr. 1 DSVO-STA.<br \/>\nIn seltenen F\u00e4llen kann die Verarbeitung personenbezogener Daten notwendig sein, um die lebenswichtigen Interessen der betroffenen Person oder einer anderen nat\u00fcrlichen Person zu sch\u00fctzen. Dies ist z.B. der Fall, wenn ein Besucher in unserer Freikirche verletzt wird und sein Name, sein Alter, seine Krankenversicherungsdaten oder andere wichtige Informationen an einen Arzt, ein Krankenhaus oder einen anderen Dritten weitergegeben werden m\u00fcssen. Dann w\u00fcrde die Verarbeitung auf der Grundlage von \u00a7 6 Nr. 7 DSVO-STA erfolgen.<br \/>\nSchlie\u00dflich k\u00f6nnen sich die Verarbeitungsvorg\u00e4nge auch auf \u00a7 6 Nr. 4 und Nr. 8 DSVO-STA st\u00fctzen. Diese Rechtsgrundlage wird f\u00fcr Verarbeitungen verwendet, die nicht unter einen der vorgenannten Rechtsgr\u00fcnde fallen, wenn die Verarbeitung f\u00fcr die Zwecke der berechtigten Interessen unserer Freikirche oder eines Dritten erforderlich ist, es sei denn, diese Interessen werden durch die Interessen oder Grundrechte und -freiheiten der betroffenen Person, die den Schutz personenbezogener Daten erfordern, aufgehoben. Solche Verarbeitungen sind zul\u00e4ssig, da sie von der DSVO-STA ausdr\u00fccklich erw\u00e4hnt wurden.<\/p>\n<p>17. Die berechtigten Interessen des f\u00fcr die Verarbeitung Verantwortlichen oder eines Dritten<br \/>\nSoweit die Verarbeitung personenbezogener Daten auf \u00a7 6 Nr. 8 DSGVO-STA beruht, haben wir ein berechtigtes Interesse daran, unsere Aufgaben zum Wohle aller Mitarbeiter und Beteiligten zu betreiben.<\/p>\n<p>18. Dauer der Speicherung der personenbezogenen Daten<br \/>\nMa\u00dfgebend f\u00fcr die Dauer der Speicherung personenbezogener Daten ist die jeweilige gesetzliche Aufbewahrungsfrist. Nach Ablauf dieser Frist werden die entsprechenden Daten routinem\u00e4\u00dfig gel\u00f6scht, sofern sie nicht mehr f\u00fcr die Erf\u00fcllung des Vertrages oder die Anbahnung eines Vertrages erforderlich sind.<\/p>\n<p>19. Bereitstellung personenbezogener Daten als gesetzliche oder vertragliche Anforderung; Erfordernis des Vertragsabschlusses; Verpflichtung des Betroffenen, die personenbezogenen Daten zur Verf\u00fcgung zu stellen; m\u00f6gliche Folgen der Nichtbereitstellung dieser Daten<br \/>\nWir weisen darauf hin, dass die Angabe personenbezogener Daten teilweise gesetzlich vorgeschrieben ist (z.B. steuerliche Vorschriften) oder sich auch aus vertraglichen Regelungen ergeben kann (z.B. Angaben zum Vertragspartner). Manchmal kann es notwendig sein, einen Vertrag abzuschlie\u00dfen, so dass der Betroffene uns personenbezogene Daten zur Verf\u00fcgung stellt, die anschlie\u00dfend von uns verarbeitet werden m\u00fcssen. Der Betroffene ist beispielsweise verpflichtet, uns personenbezogene Daten zur Verf\u00fcgung zu stellen, wenn unsere Freikirche mit ihm einen Vertrag abschlie\u00dft. Die Nichtbereitstellung der personenbezogenen Daten h\u00e4tte zur Folge, dass der Vertrag mit dem Betroffenen nicht abgeschlossen werden k\u00f6nnte.<\/p>\n<p>20. Vorhandensein einer automatisierten Entscheidungsfindung<br \/>\nAls verantwortungsbewusste Freikirche verwenden wir keine automatische Entscheidungsfindung oder Profilerstellung.<br \/>\nIm Falle der Beschwerden im Zusammenhang mit der Datenverarbeitung im Sinne der DSVO-STA k\u00f6nnen Sie sich an die Datenschutzaufsichtsbeh\u00f6rde der Freikirche unter der Adresse datenschutz (at)adventisten(dot)de wenden.<\/p>\n<p>Stand 01.05.2019<\/p>\n","protected":false},"excerpt":{"rendered":"<p>Wir nehmen den Schutz Ihrer pers\u00f6nlichen Daten sehr ernst. So behandeln wir Ihre personenbezogenen Daten selbstverst\u00e4ndlich stets entsprechend der gesetzlichen Datenschutzvorschriften. Wir haben einen fachkundigen und zuverl\u00e4ssigen externen Datenschutzbeauftragten bestellt. Datenschutzerkl\u00e4rung Wir freuen uns \u00fcber Ihr Interesse an unserer Freikirche. Der Datenschutz hat f\u00fcr die Leitung der Freikirche der Siebenten-Tags-Adventisten einen besonders hohen Stellenwert. Die &hellip; <a href=\"https:\/\/adventisten-neuburg.de\/?page_id=70\">Continued<\/a><\/p>\n","protected":false},"author":1,"featured_media":0,"parent":0,"menu_order":0,"comment_status":"closed","ping_status":"closed","template":"","meta":[],"class_list":["post-70","page","type-page","status-publish","hentry","odd"],"_links":{"self":[{"href":"https:\/\/adventisten-neuburg.de\/index.php?rest_route=\/wp\/v2\/pages\/70","targetHints":{"allow":["GET"]}}],"collection":[{"href":"https:\/\/adventisten-neuburg.de\/index.php?rest_route=\/wp\/v2\/pages"}],"about":[{"href":"https:\/\/adventisten-neuburg.de\/index.php?rest_route=\/wp\/v2\/types\/page"}],"author":[{"embeddable":true,"href":"https:\/\/adventisten-neuburg.de\/index.php?rest_route=\/wp\/v2\/users\/1"}],"replies":[{"embeddable":true,"href":"https:\/\/adventisten-neuburg.de\/index.php?rest_route=%2Fwp%2Fv2%2Fcomments&post=70"}],"version-history":[{"count":0,"href":"https:\/\/adventisten-neuburg.de\/index.php?rest_route=\/wp\/v2\/pages\/70\/revisions"}],"wp:attachment":[{"href":"https:\/\/adventisten-neuburg.de\/index.php?rest_route=%2Fwp%2Fv2%2Fmedia&parent=70"}],"curies":[{"name":"wp","href":"https:\/\/api.w.org\/{rel}","templated":true}]}}